{"id":3098,"date":"2021-02-25T14:19:21","date_gmt":"2021-02-25T14:19:21","guid":{"rendered":"https:\/\/drmika.ch\/?page_id=3098"},"modified":"2025-03-21T05:45:43","modified_gmt":"2025-03-21T05:45:43","slug":"femto-lasik","status":"publish","type":"page","link":"https:\/\/drmika.ch\/fr\/femto-lasik\/","title":{"rendered":"FEMTO-LASIK"},"content":{"rendered":"<section class=\"wpb-content-wrapper\"><p>[vc_row][vc_column width=\u00a0\u00bb1\/6&Prime;][\/vc_column][vc_column width=\u00a0\u00bb2\/3&Prime;][vc_empty_space]<div class=\" agni-section-heading text-center ihda\" ><h2 class=\"section-heading-text section-heading-text_responsive\" style=\"font-size:30px;\"><span>FEMTO LASIK (ALL-LASER LASIK)<\/span><\/h2><div class=\"section-divide-line divide-line text-center\"><span style=\"width:90px; height:1px; background-color:#ff655c\"><\/span><\/div><\/div>[vc_column_text]<\/p>\n<p style=\"text-align: justify;\">FEMTO LASIK est une correction de la vision au laser excimer par Bausch &amp; Lomb Technolas\u00ae avec l&rsquo;utilisation du laser FEMTOsecond. Ce traitement r\u00e9fractif est le plus techniquement avanc\u00e9. Au cours de la premi\u00e8re \u00e9tape de la proc\u00e9dure, le volet corn\u00e9en est d\u00e9coup\u00e9 avec <strong>le laser Ziemer LDV Z8\u00ae FEMTOsecond<\/strong> le plus moderne. Ensuite, \u00e0 l&rsquo;aide d&rsquo;un <strong>laser excimer Bausch &amp; Lomb Technolas\u00ae<\/strong>, la corn\u00e9e est mod\u00e9lis\u00e9e pour corriger le d\u00e9faut de vision existant. La derni\u00e8re \u00e9tape de la proc\u00e9dure est la fermeture du volet corn\u00e9en. Apr\u00e8s la chirurgie, le patient porte une lentille de contact protectrice pendant 24 heures.<\/p>\n<p style=\"text-align: justify;\">L&rsquo;utilisation du laser FEMTOsecond augmente la pr\u00e9cision de d\u00e9coupe du volet corn\u00e9en, r\u00e9duisant le temps de r\u00e9cup\u00e9ration et une extension de la gamme de d\u00e9fauts visuels pouvant \u00eatre corrig\u00e9s. L&rsquo;avantage incontestable de la m\u00e9thode FEMTO LASIK est la r\u00e9duction de la douleur et de l&rsquo;inconfort, le raccourcissement de la p\u00e9riode de cicatrisation des yeux apr\u00e8s la proc\u00e9dure et une augmentation significative de la s\u00e9curit\u00e9 de la proc\u00e9dure.<\/p>\n<p>[\/vc_column_text][vc_column_text]<\/p>\n<p style=\"text-align: center;\"><video id=\"my-video\" class=\"video-js vjs-big-play-centered vjs-fluid\" width=\"300\" height=\"150\" data-setup=\"{&quot;controls&quot;: true, &quot;autoplay&quot;: false, &quot;preload&quot;: &quot;auto&quot;}\"><source src=\"https:\/\/drmika.ch\/wp-content\/uploads\/movies\/Ref_Anim_LASIK_Femto.mp4\" type=\"video\/mp4\" \/><track kind=\"captions\" src=\"https:\/\/drmika.ch\/wp-content\/uploads\/2021\/05\/Ref_Anim_LASIK_Femto_FR.vtt\" srclang=\"fr\" label=\"French\" default=\"\" \/><\/video><\/p>\n<p>[\/vc_column_text][vc_empty_space height=\u00a0\u00bb50&Prime;][vc_column_text]<\/p>\n<p style=\"text-align: justify;\">Afin de bien se pr\u00e9parer \u00e0 la chirurgie r\u00e9fractive, il est n\u00e9cessaire de ne pas porter de lentilles de contact pendant une p\u00e9riode minimale de 2 semaines avant l&rsquo;examen. Apr\u00e8s chaque type de traitement, pendant environ un mois, il est prudent d\u2019\u00e9viter les efforts physiques intenses, la natation, les bains de soleil et de rester dans des pi\u00e8ces s\u00e8ches et enfum\u00e9es. Les effets secondaires peuvent survenir et persister jusqu&rsquo;\u00e0 plusieurs mois apr\u00e8s l&rsquo;intervention. Il s\u2019agit de s\u00e9cheresse oculaire, la diminution de la vision des contrastes apr\u00e8s le cr\u00e9puscule, l&rsquo;\u00e9blouissement pendant la conduite de nuit.<\/p>\n<p>[\/vc_column_text][vc_empty_space][vc_column_text]<\/p>\n<h6><a style=\"color: #ff655c;\">REMARQUE<\/a><\/h6>\n<div id=\"\" class=\"agni_text_column agni-text-block \">\n<p>Ces traitements sont pratiqu\u00e9s en ambulatoire, sous anesth\u00e9sie locale. Le patient ne peut pas conduire apr\u00e8s l\u2019intervention. Il est de plus recommand\u00e9 de venir accompagn\u00e9.<\/p>\n<\/div>\n<p style=\"text-align: justify;\">La correction de la vue au laser est une m\u00e9thode rapide, s\u00fbre et pratiquement indolore pour se d\u00e9barrasser d&rsquo;un d\u00e9faut de vision. Le patient peut r\u00e9cup\u00e9rer une bonne vision le lendemain de l&rsquo;intervention. Mais de l\u00e9g\u00e8res fluctuations de la vision peuvent persister pendant environ un mois. L\u2019am\u00e9lioration visuelle se poursuit progressivement environ 6 mois apr\u00e8s le traitement.<\/p>\n<p>[\/vc_column_text][vc_empty_space][vc_column_text]<\/p>\n<h4 style=\"text-align: center;\"><a style=\"color: #ff655c; text-size: 15px; line-height: normal;\" href=\"https:\/\/drmika.ch\/contact\/\">Prenez soin de vos yeux<br \/>\nprenez rendez-vous d\u00e8s aujourd\u2019hui<\/a><\/h4>\n<p>[\/vc_column_text][vc_row_inner][vc_column_inner align=\u00a0\u00bbcenter\u00a0\u00bb width=\u00a0\u00bb1\/2&Prime;][vc_column_text]<div class=\"_df_thumb \" id=\"df_3841\"  _slug=\"refractive-surgery\" data-title=\"chirurgie-refractive\" wpoptions=\"true\" thumb=\"https:\/\/drmika.ch\/wp-content\/uploads\/2024\/12\/FR-refractive-screen.png\" thumbtype=\"\" >Chirurgie R\u00e9fractive<\/div><script class=\"df-shortcode-script\" nowprocket type=\"application\/javascript\">window.option_df_3841 = {\"outline\":[],\"autoEnableOutline\":\"false\",\"autoEnableThumbnail\":\"false\",\"overwritePDFOutline\":\"false\",\"direction\":\"1\",\"pageSize\":\"0\",\"source\":\"https:\\\/\\\/drmika.ch\\\/wp-content\\\/uploads\\\/2024\\\/09\\\/RefractiveSurgeryFR.pdf\",\"wpOptions\":\"true\"}; if(window.DFLIP && window.DFLIP.parseBooks){window.DFLIP.parseBooks();}<\/script>[\/vc_column_text][\/vc_column_inner][vc_column_inner align=\u00a0\u00bbcenter\u00a0\u00bb width=\u00a0\u00bb1\/2&Prime;][vc_column_text]<div class=\"_df_thumb \" id=\"df_4301\"  _slug=\"lasik-premium-laser-vision-correction\" data-title=\"english-lasik-premium-laser-vision-correction\" wpoptions=\"true\" thumb=\"https:\/\/drmika.ch\/wp-content\/uploads\/2025\/03\/lasik_cover.png\" thumbtype=\"\" >(English) LASIK  &#8211; Premium Laser Vision Correction<\/div><script class=\"df-shortcode-script\" nowprocket type=\"application\/javascript\">window.option_df_4301 = {\"outline\":[],\"autoEnableOutline\":\"false\",\"autoEnableThumbnail\":\"false\",\"overwritePDFOutline\":\"false\",\"direction\":\"1\",\"pageSize\":\"0\",\"source\":\"https:\\\/\\\/drmika.ch\\\/wp-content\\\/uploads\\\/2025\\\/03\\\/brochure_hd_lasik_fr.pdf\",\"wpOptions\":\"true\"}; if(window.DFLIP && window.DFLIP.parseBooks){window.DFLIP.parseBooks();}<\/script>[\/vc_column_text][\/vc_column_inner][\/vc_row_inner][vc_empty_space]<div class=\" agni-section-heading text-center ihda\" ><h2 class=\"section-heading-text \" style=\"font-size:30px;\"><span>En savoir plus<\/span><\/h2><div class=\"section-divide-line divide-line text-center\"><span style=\"width:90px; height:1px; background-color:#ff655c\"><\/span><\/div><\/div>\n\t\t\t<!-- START seemore lasik REVOLUTION SLIDER 6.6.5 --><p class=\"rs-p-wp-fix\"><\/p>\n\t\t\t<rs-module-wrap id=\"rev_slider_100_1_wrapper\" data-source=\"gallery\" style=\"visibility:hidden;background:transparent;padding:0;margin:0px auto;margin-top:0;margin-bottom:0;\">\n\t\t\t\t<rs-module id=\"rev_slider_100_1\" style=\"\" data-version=\"6.6.5\">\n\t\t\t\t\t<rs-slides style=\"overflow: hidden; position: absolute;\">\n\t\t\t\t\t\t<rs-slide style=\"position: absolute;\" data-key=\"rs-200\" data-title=\"Slide\" data-in=\"o:0;\" data-out=\"a:false;\">\n\t\t\t\t\t\t\t<img decoding=\"async\" src=\"\/\/drmika.ch\/wp-content\/plugins\/revslider\/public\/assets\/assets\/dummy.png\" alt=\"Slide\" title=\"FEMTO-LASIK\" class=\"rev-slidebg tp-rs-img rs-lazyload\" data-lazyload=\"\/\/drmika.ch\/wp-content\/plugins\/revslider\/public\/assets\/assets\/transparent.png\" data-no-retina>\n<!--\n\t\t\t\t\t\t\t--><a\n\t\t\t\t\t\t\t\tid=\"slider-100-slide-200-layer-20\" \n\t\t\t\t\t\t\t\tclass=\"rs-layer\"\n\t\t\t\t\t\t\t\thref=\"https:\/\/drmika.ch\/more-about-eye-treatment\/#movie6\" target=\"_self\"\n\t\t\t\t\t\t\t\tdata-type=\"image\"\n\t\t\t\t\t\t\t\tdata-rsp_ch=\"on\"\n\t\t\t\t\t\t\t\tdata-xy=\"x:c;yo:0,0,0,1400px;\"\n\t\t\t\t\t\t\t\tdata-text=\"w:normal;\"\n\t\t\t\t\t\t\t\tdata-dim=\"w:250px,250px,250px,458px;h:137px,137px,137px,252px;\"\n\t\t\t\t\t\t\t\tdata-frame_999=\"o:0;st:w;\"\n\t\t\t\t\t\t\t\tstyle=\"z-index:16;\"\n\t\t\t\t\t\t\t><img decoding=\"async\" src=\"\/\/drmika.ch\/wp-content\/plugins\/revslider\/public\/assets\/assets\/dummy.png\" alt=\"\" class=\"tp-rs-img rs-lazyload\" width=\"2038\" height=\"1079\" data-lazyload=\"\/\/drmika.ch\/wp-content\/uploads\/2021\/06\/all_laser_lasik-e1622614652502.jpg\" data-no-retina> \n\t\t\t\t\t\t\t<\/a><!--\n-->\t\t\t\t\t\t<\/rs-slide>\n\t\t\t\t\t<\/rs-slides>\n\t\t\t\t<\/rs-module>\n\t\t\t\t<script>\n\t\t\t\t\tsetREVStartSize({c: 'rev_slider_100_1',rl:[1240,1240,778,480],el:[200,200,560,1702],gw:[850,850,850,850],gh:[200,200,200,200],type:'hero',justify:'',layout:'fullwidth',mh:\"0\"});if (window.RS_MODULES!==undefined && window.RS_MODULES.modules!==undefined && window.RS_MODULES.modules[\"revslider1001\"]!==undefined) {window.RS_MODULES.modules[\"revslider1001\"].once = false;window.revapi100 = undefined;if (window.RS_MODULES.checkMinimal!==undefined) window.RS_MODULES.checkMinimal()}\n\t\t\t\t<\/script>\n\t\t\t<\/rs-module-wrap>\n\t\t\t<!-- END REVOLUTION SLIDER -->\n[\/vc_column][vc_column width=\u00a0\u00bb1\/6&Prime;][\/vc_column][\/vc_row][vc_row][vc_column][vc_empty_space height=\u00a0\u00bb50px\u00a0\u00bb][\/vc_column][\/vc_row][vc_row][vc_column width=\u00a0\u00bb1\/5&Prime;][\/vc_column][vc_column width=\u00a0\u00bb1\/5&Prime;][\/vc_column][vc_column width=\u00a0\u00bb1\/5&Prime;]<div class=\" agni-image custom-image-container text-center\">\n\t\t\t<figure class=\"agni-image-figure\">\n\t\t\t\t<a href=\"https:\/\/www.ziemergroup.com\/en\/patients\/laser-vision-correction\/z-lasik\/#clinic_ov\"  target=\"_blank\"><img loading=\"lazy\" decoding=\"async\" style=\"\" width=\"2396\" height=\"695\" src=\"https:\/\/drmika.ch\/wp-content\/uploads\/2024\/12\/FEMTO-LDV-Z8_Logo-transparent_with-addon_no-effect.png\" class=\"fullwidth-image attachment-full  attachment-full\" alt=\"\" title=\"FEMTO LDV Z8_Logo transparent_with addon_no effect\" srcset=\"https:\/\/drmika.ch\/wp-content\/uploads\/2024\/12\/FEMTO-LDV-Z8_Logo-transparent_with-addon_no-effect.png 2396w, https:\/\/drmika.ch\/wp-content\/uploads\/2024\/12\/FEMTO-LDV-Z8_Logo-transparent_with-addon_no-effect-300x87.png 300w, https:\/\/drmika.ch\/wp-content\/uploads\/2024\/12\/FEMTO-LDV-Z8_Logo-transparent_with-addon_no-effect-1024x297.png 1024w, https:\/\/drmika.ch\/wp-content\/uploads\/2024\/12\/FEMTO-LDV-Z8_Logo-transparent_with-addon_no-effect-768x223.png 768w, https:\/\/drmika.ch\/wp-content\/uploads\/2024\/12\/FEMTO-LDV-Z8_Logo-transparent_with-addon_no-effect-1536x446.png 1536w, https:\/\/drmika.ch\/wp-content\/uploads\/2024\/12\/FEMTO-LDV-Z8_Logo-transparent_with-addon_no-effect-2048x594.png 2048w, https:\/\/drmika.ch\/wp-content\/uploads\/2024\/12\/FEMTO-LDV-Z8_Logo-transparent_with-addon_no-effect-960x278.png 960w\" sizes=\"auto, (max-width: 2396px) 100vw, 2396px\" \/><\/a>\n\t\t\t\t<figcaption class=\"vc_figure-caption\"><\/figcaption>\n\t\t\t<\/figure>\n\t\t<\/div>[\/vc_column][vc_column width=\u00a0\u00bb1\/5&Prime;][\/vc_column][vc_column width=\u00a0\u00bb1\/5&Prime;][\/vc_column][\/vc_row][vc_row][vc_column][vc_empty_space height=\u00a0\u00bb50px\u00a0\u00bb][\/vc_column][\/vc_row]<\/p>\n<\/section>","protected":false},"excerpt":{"rendered":"<p>[vc_row][vc_column width=\u00a0\u00bb1\/6&Prime;][\/vc_column][vc_column width=\u00a0\u00bb2\/3&Prime;][vc_empty_space][vc_column_text] FEMTO LASIK est une correction de la vision au laser excimer par Bausch &amp; Lomb Technolas\u00ae avec l&rsquo;utilisation du laser FEMTOsecond. Ce traitement r\u00e9fractif est le plus techniquement avanc\u00e9. Au cours de la premi\u00e8re \u00e9tape de la proc\u00e9dure, le volet corn\u00e9en est d\u00e9coup\u00e9 avec le laser Ziemer LDV Z8\u00ae FEMTOsecond le plus [&hellip;]<\/p>\n","protected":false},"author":1,"featured_media":0,"parent":0,"menu_order":0,"comment_status":"closed","ping_status":"closed","template":"","meta":{"footnotes":""},"class_list":["post-3098","page","type-page","status-publish","hentry"],"_links":{"self":[{"href":"https:\/\/drmika.ch\/fr\/wp-json\/wp\/v2\/pages\/3098","targetHints":{"allow":["GET"]}}],"collection":[{"href":"https:\/\/drmika.ch\/fr\/wp-json\/wp\/v2\/pages"}],"about":[{"href":"https:\/\/drmika.ch\/fr\/wp-json\/wp\/v2\/types\/page"}],"author":[{"embeddable":true,"href":"https:\/\/drmika.ch\/fr\/wp-json\/wp\/v2\/users\/1"}],"replies":[{"embeddable":true,"href":"https:\/\/drmika.ch\/fr\/wp-json\/wp\/v2\/comments?post=3098"}],"version-history":[{"count":60,"href":"https:\/\/drmika.ch\/fr\/wp-json\/wp\/v2\/pages\/3098\/revisions"}],"predecessor-version":[{"id":4306,"href":"https:\/\/drmika.ch\/fr\/wp-json\/wp\/v2\/pages\/3098\/revisions\/4306"}],"wp:attachment":[{"href":"https:\/\/drmika.ch\/fr\/wp-json\/wp\/v2\/media?parent=3098"}],"curies":[{"name":"wp","href":"https:\/\/api.w.org\/{rel}","templated":true}]}}