{"id":205,"date":"2021-02-15T11:50:57","date_gmt":"2021-02-15T11:50:57","guid":{"rendered":"https:\/\/drmika.ch\/?page_id=205"},"modified":"2025-01-13T20:35:44","modified_gmt":"2025-01-13T20:35:44","slug":"astigmatism","status":"publish","type":"page","link":"https:\/\/drmika.ch\/pl\/eye-disorders\/astigmatism\/","title":{"rendered":"Astygmatyzm"},"content":{"rendered":"<section class=\"wpb-content-wrapper\"><p>[vc_row][vc_column width=&#8221;1\/6&#8243;][\/vc_column][vc_column width=&#8221;2\/3&#8243;][vc_empty_space]<div class=\" agni-section-heading text-center ihda\" ><h2 class=\"section-heading-text \" style=\"font-size:30px;\"><span>Astygmatyzm<\/span><\/h2><div class=\"section-divide-line divide-line text-center\"><span style=\"width:90px; height:1px; background-color:#ff655c\"><\/span><\/div><\/div>[vc_column_text]<\/p>\n<p style=\"text-align: justify;\"><strong>Astygmatyzm<\/strong>\u00a0\u2013 to wada wzroku objawiaj\u0105ca si\u0119 m.in. zamazanym widzeniem przedmiot\u00f3w znajduj\u0105cych si\u0119 zar\u00f3wno blisko, jak i daleko. Astygmatyzm to cz\u0119sto spotykana wada wynikaj\u0105ca z\u00a0asferycznej budowy rog\u00f3wki lub soczewki. Powoduje to powstanie wady refrakcji tj. astygmatyzmu gdzie wi\u0105zka \u015bwiat\u0142a wpadaj\u0105ca do oka ulega rozproszeniu i nie jest skupiana w plamce na siatk\u00f3wce, lecz pozostaje rozproszona. W efekcie obrazy wydaj\u0105 si\u0119 by\u0107 zamazane. Astygmatyzm ma pod\u0142o\u017ce dziedziczne.<\/p>\n<p>[\/vc_column_text][vc_empty_space]<div class=\" agni-image custom-image-container text-center\">\n\t\t\t<figure class=\"agni-image-figure\">\n\t\t\t\t<img loading=\"lazy\" decoding=\"async\" style=\"\" width=\"889\" height=\"500\" src=\"https:\/\/drmika.ch\/wp-content\/uploads\/2021\/03\/astygmatyzm.jpg\" class=\"fullwidth-image attachment-full  attachment-full\" alt=\"\" title=\"astygmatyzm\" srcset=\"https:\/\/drmika.ch\/wp-content\/uploads\/2021\/03\/astygmatyzm.jpg 889w, https:\/\/drmika.ch\/wp-content\/uploads\/2021\/03\/astygmatyzm-300x169.jpg 300w, https:\/\/drmika.ch\/wp-content\/uploads\/2021\/03\/astygmatyzm-768x432.jpg 768w\" sizes=\"auto, (max-width: 889px) 100vw, 889px\" \/>\n\t\t\t\t<figcaption class=\"vc_figure-caption\"><\/figcaption>\n\t\t\t<\/figure>\n\t\t<\/div>[vc_empty_space][vc_column_text]<video id=\"my-video\" class=\"video-js vjs-big-play-centered vjs-fluid\" width=\"300\" height=\"150\" data-setup=\"{&quot;controls&quot;: true, &quot;autoplay&quot;: false, &quot;preload&quot;: &quot;auto&quot;}\"><span data-mce-type=\"bookmark\" style=\"display: inline-block; width: 0px; overflow: hidden; line-height: 0;\" class=\"mce_SELRES_start\">\ufeff<\/span><source src=\"https:\/\/drmika.ch\/wp-content\/uploads\/movies\/Ref_Anim_Astigmatism.mp4\" type=\"video\/mp4\" \/><track kind=\"captions\" src=\"https:\/\/drmika.ch\/wp-content\/uploads\/2021\/05\/Ref_Anim_Astigmatism_Captions_PL.vtt\" srclang=\"pl\" label=\"Polish\" default=\"\" \/><\/video>[\/vc_column_text][vc_empty_space][\/vc_column][vc_column width=&#8221;1\/6&#8243;][\/vc_column][\/vc_row][vc_row][vc_column]<div class=\"agni-content-block\"><section class=\"wpb-content-wrapper\"><p>[vc_row][vc_column width=&#8221;1\/6&#8243;][\/vc_column][vc_column width=&#8221;2\/3&#8243;][vc_column_text]<\/p>\n<h5 style=\"text-align: center;\">Przeczytaj wi\u0119cej o sposobach leczenia<\/h5>\n<p>[\/vc_column_text][vc_empty_space][vc_row_inner][vc_column_inner width=&#8221;1\/3&#8243;][\/vc_column_inner][vc_column_inner bg_color=&#8221;#f4f4f4&#8243; width=&#8221;1\/3&#8243;][vc_empty_space]<div class=\" agni-image custom-image-container text-center\">\n\t\t\t<figure class=\"agni-image-figure\">\n\t\t\t\t<a href=\"https:\/\/drmika.ch\/pl\/treatment\/refractive-surgery\/\"  target=\"_self\"><img loading=\"lazy\" decoding=\"async\" style=\"\" width=\"263\" height=\"146\" src=\"https:\/\/drmika.ch\/wp-content\/uploads\/2021\/06\/pikto-6.png\" class=\"fullwidth-image attachment-full  attachment-full\" alt=\"\" title=\"Laser cataract surgery\" \/><\/a>\n\t\t\t\t<figcaption class=\"vc_figure-caption\"><\/figcaption>\n\t\t\t<\/figure>\n\t\t<\/div>[vc_empty_space][vc_column_text el_class=&#8221;text_element&#8221;]<\/p>\n<h5 style=\"text-align: center;\"><a href=\"https:\/\/drmika.ch\/pl\/treatment\/refractive-surgery\/\"><strong>Chirurgia refrakcyjna<\/strong><\/a><\/h5>\n<p>[\/vc_column_text][\/vc_column_inner][vc_column_inner width=&#8221;1\/3&#8243;][\/vc_column_inner][\/vc_row_inner][\/vc_column][vc_column width=&#8221;1\/6&#8243;][\/vc_column][\/vc_row]<\/p>\n<\/section><\/div>[\/vc_column][\/vc_row][vc_row][vc_column][vc_empty_space height=&#8221;50&#8243;][\/vc_column][\/vc_row]<\/p>\n<\/section>","protected":false},"excerpt":{"rendered":"<p>[vc_row][vc_column width=&#8221;1\/6&#8243;][\/vc_column][vc_column width=&#8221;2\/3&#8243;][vc_empty_space][vc_column_text] Astygmatyzm\u00a0\u2013 to wada wzroku objawiaj\u0105ca si\u0119 m.in. zamazanym widzeniem przedmiot\u00f3w znajduj\u0105cych si\u0119 zar\u00f3wno blisko, jak i daleko. Astygmatyzm to cz\u0119sto spotykana wada wynikaj\u0105ca z\u00a0asferycznej budowy rog\u00f3wki lub soczewki. Powoduje to powstanie wady refrakcji tj. astygmatyzmu gdzie wi\u0105zka \u015bwiat\u0142a wpadaj\u0105ca do oka ulega rozproszeniu i nie jest skupiana w plamce na siatk\u00f3wce, lecz [&hellip;]<\/p>\n","protected":false},"author":1,"featured_media":0,"parent":20,"menu_order":0,"comment_status":"closed","ping_status":"closed","template":"","meta":{"footnotes":""},"class_list":["post-205","page","type-page","status-publish","hentry"],"_links":{"self":[{"href":"https:\/\/drmika.ch\/pl\/wp-json\/wp\/v2\/pages\/205","targetHints":{"allow":["GET"]}}],"collection":[{"href":"https:\/\/drmika.ch\/pl\/wp-json\/wp\/v2\/pages"}],"about":[{"href":"https:\/\/drmika.ch\/pl\/wp-json\/wp\/v2\/types\/page"}],"author":[{"embeddable":true,"href":"https:\/\/drmika.ch\/pl\/wp-json\/wp\/v2\/users\/1"}],"replies":[{"embeddable":true,"href":"https:\/\/drmika.ch\/pl\/wp-json\/wp\/v2\/comments?post=205"}],"version-history":[{"count":13,"href":"https:\/\/drmika.ch\/pl\/wp-json\/wp\/v2\/pages\/205\/revisions"}],"predecessor-version":[{"id":4247,"href":"https:\/\/drmika.ch\/pl\/wp-json\/wp\/v2\/pages\/205\/revisions\/4247"}],"up":[{"embeddable":true,"href":"https:\/\/drmika.ch\/pl\/wp-json\/wp\/v2\/pages\/20"}],"wp:attachment":[{"href":"https:\/\/drmika.ch\/pl\/wp-json\/wp\/v2\/media?parent=205"}],"curies":[{"name":"wp","href":"https:\/\/api.w.org\/{rel}","templated":true}]}}